{"id":12572,"date":"2020-06-01T13:49:40","date_gmt":"2020-06-01T18:49:40","guid":{"rendered":"http:\/\/www.olade.org\/?page_id=12572"},"modified":"2020-06-22T22:41:59","modified_gmt":"2020-06-23T03:41:59","slug":"institutional-publications-of-OLACDE","status":"publish","type":"page","link":"https:\/\/www.olade.org\/en\/institutional-publications-of-OLACDE\/","title":{"rendered":"Institutional Publications of OLACDE"},"content":{"rendered":"<div class=\"wpb-content-wrapper\"><p>[vc_row][vc_column]<div  class=\"jeg_postblock_22 jeg_postblock jeg_module_hook jeg_pagination_scrollload jeg_col_3o3 jnews_module__0_69f49a9118ba7  jeg_pb_boxed jeg_pb_boxed_shadow  \" data-unique=\"jnews_module__0_69f49a9118ba7\">\n\t\t\t\t\t<div class=\"jeg_block_heading jeg_block_heading_1 jeg_subcat_right\">\n                     <h3 class=\"jeg_block_title\"><span><i class='fas fa-book-open'><\/i>Latest Publications<\/span><\/h3>\n                     \n                 <\/div>\n\t\t\t\t\t<div class=\"jeg_block_container\">\n                    \n                    <div class=\"jeg_posts_wrap\">\n                    <div class=\"jeg_posts jeg_load_more_flag\"> \n                        <article class=\"jeg_post jeg_pl_md_5 format-standard\">\n                    <div class=\"jeg_thumb\">\n                        \n                        <a href=\"https:\/\/www.olade.org\/en\/publicaciones\/energy-outlook-of-latin-america-and-the-caribbean-2025\/\"><div class=\"thumbnail-container animate-lazy  size-715 \"><img fetchpriority=\"high\" decoding=\"async\" width=\"350\" height=\"250\" src=\"https:\/\/www.olade.org\/wp-content\/themes\/jnews\/assets\/img\/jeg-empty.png\" class=\"attachment-jnews-350x250 size-jnews-350x250 lazyload wp-post-image\" alt=\"Energy Outlook of Latin America and the Caribbean 2025\" sizes=\"(max-width: 350px) 100vw, 350px\" data-src=\"https:\/\/www.olade.org\/wp-content\/uploads\/2025\/12\/Panorama_2025_350x250_Eng.jpg\" data-srcset=\"https:\/\/www.olade.org\/wp-content\/uploads\/2025\/12\/Panorama_2025_350x250_Eng.jpg 350w, https:\/\/www.olade.org\/wp-content\/uploads\/2025\/12\/Panorama_2025_350x250_Eng-260x186.jpg 260w, https:\/\/www.olade.org\/wp-content\/uploads\/2025\/12\/Panorama_2025_350x250_Eng-120x86.jpg 120w\" data-sizes=\"auto\" data-expand=\"700\" \/><\/div><\/a>\n                        <div class=\"jeg_post_category\">\n                            <span><\/span>\n                        <\/div>\n                    <\/div>\n                    <div class=\"jeg_postblock_content\">\n                        <h3 class=\"jeg_post_title\">\n                            <a href=\"https:\/\/www.olade.org\/en\/publicaciones\/energy-outlook-of-latin-america-and-the-caribbean-2025\/\">Energy Outlook of Latin America and the Caribbean 2025<\/a>\n                        <\/h3>\n                        \n                    <\/div>\n                <\/article><article class=\"jeg_post jeg_pl_md_5 format-standard\">\n                    <div class=\"jeg_thumb\">\n                        \n                        <a href=\"https:\/\/www.olade.org\/en\/publicaciones\/100-relevant-facts-from-the-regional-energy-debate\/\"><div class=\"thumbnail-container animate-lazy  size-715 \"><img decoding=\"async\" width=\"350\" height=\"250\" src=\"https:\/\/www.olade.org\/wp-content\/themes\/jnews\/assets\/img\/jeg-empty.png\" class=\"attachment-jnews-350x250 size-jnews-350x250 lazyload wp-post-image\" alt=\"\" sizes=\"(max-width: 350px) 100vw, 350px\" data-src=\"https:\/\/www.olade.org\/wp-content\/uploads\/2025\/12\/100-Datos_2025_350x250_Eng.jpg\" data-srcset=\"https:\/\/www.olade.org\/wp-content\/uploads\/2025\/12\/100-Datos_2025_350x250_Eng.jpg 350w, https:\/\/www.olade.org\/wp-content\/uploads\/2025\/12\/100-Datos_2025_350x250_Eng-260x186.jpg 260w, https:\/\/www.olade.org\/wp-content\/uploads\/2025\/12\/100-Datos_2025_350x250_Eng-120x86.jpg 120w\" data-sizes=\"auto\" data-expand=\"700\" \/><\/div><\/a>\n                        <div class=\"jeg_post_category\">\n                            <span><\/span>\n                        <\/div>\n                    <\/div>\n                    <div class=\"jeg_postblock_content\">\n                        <h3 class=\"jeg_post_title\">\n                            <a href=\"https:\/\/www.olade.org\/en\/publicaciones\/100-relevant-facts-from-the-regional-energy-debate\/\">100 relevant facts from the regional energy debate<\/a>\n                        <\/h3>\n                        \n                    <\/div>\n                <\/article><article class=\"jeg_post jeg_pl_md_5 format-standard\">\n                    <div class=\"jeg_thumb\">\n                        \n                        <a href=\"https:\/\/www.olade.org\/en\/publicaciones\/pathways-of-action\/\"><div class=\"thumbnail-container animate-lazy  size-715 \"><img decoding=\"async\" width=\"350\" height=\"250\" src=\"https:\/\/www.olade.org\/wp-content\/themes\/jnews\/assets\/img\/jeg-empty.png\" class=\"attachment-jnews-350x250 size-jnews-350x250 lazyload wp-post-image\" alt=\"Pathways of action\" sizes=\"(max-width: 350px) 100vw, 350px\" data-src=\"https:\/\/www.olade.org\/wp-content\/uploads\/2025\/12\/Sendas-de-accion_2025_350x250_Eng-1.jpg\" data-srcset=\"https:\/\/www.olade.org\/wp-content\/uploads\/2025\/12\/Sendas-de-accion_2025_350x250_Eng-1.jpg 350w, https:\/\/www.olade.org\/wp-content\/uploads\/2025\/12\/Sendas-de-accion_2025_350x250_Eng-1-260x186.jpg 260w, https:\/\/www.olade.org\/wp-content\/uploads\/2025\/12\/Sendas-de-accion_2025_350x250_Eng-1-120x86.jpg 120w\" data-sizes=\"auto\" data-expand=\"700\" \/><\/div><\/a>\n                        <div class=\"jeg_post_category\">\n                            <span><\/span>\n                        <\/div>\n                    <\/div>\n                    <div class=\"jeg_postblock_content\">\n                        <h3 class=\"jeg_post_title\">\n                            <a href=\"https:\/\/www.olade.org\/en\/publicaciones\/pathways-of-action\/\">Pathways of action<\/a>\n                        <\/h3>\n                        \n                    <\/div>\n                <\/article><article class=\"jeg_post jeg_pl_md_5 format-standard\">\n                    <div class=\"jeg_thumb\">\n                        \n                        <a href=\"https:\/\/www.olade.org\/en\/publicaciones\/unlocking-investment-opportunities-in-latin-americas-energy-transition\/\"><div class=\"thumbnail-container animate-lazy  size-715 \"><img loading=\"lazy\" decoding=\"async\" width=\"350\" height=\"250\" src=\"https:\/\/www.olade.org\/wp-content\/themes\/jnews\/assets\/img\/jeg-empty.png\" class=\"attachment-jnews-350x250 size-jnews-350x250 lazyload wp-post-image\" alt=\"\" sizes=\"(max-width: 350px) 100vw, 350px\" data-src=\"https:\/\/www.olade.org\/wp-content\/uploads\/2025\/11\/Unlocking-Energy_2025_350x250.jpg\" data-srcset=\"https:\/\/www.olade.org\/wp-content\/uploads\/2025\/11\/Unlocking-Energy_2025_350x250.jpg 350w, https:\/\/www.olade.org\/wp-content\/uploads\/2025\/11\/Unlocking-Energy_2025_350x250-260x186.jpg 260w, https:\/\/www.olade.org\/wp-content\/uploads\/2025\/11\/Unlocking-Energy_2025_350x250-120x86.jpg 120w\" data-sizes=\"auto\" data-expand=\"700\" \/><\/div><\/a>\n                        <div class=\"jeg_post_category\">\n                            <span><\/span>\n                        <\/div>\n                    <\/div>\n                    <div class=\"jeg_postblock_content\">\n                        <h3 class=\"jeg_post_title\">\n                            <a href=\"https:\/\/www.olade.org\/en\/publicaciones\/unlocking-investment-opportunities-in-latin-americas-energy-transition\/\">Unlocking Investment Opportunities in Latin America\u2019s Energy Transition<\/a>\n                        <\/h3>\n                        \n                    <\/div>\n                <\/article><article class=\"jeg_post jeg_pl_md_5 format-standard\">\n                    <div class=\"jeg_thumb\">\n                        \n                        <a href=\"https:\/\/www.olade.org\/en\/publicaciones\/energy-transition-readiness-latin-america-and-the-caribbean\/\"><div class=\"thumbnail-container animate-lazy  size-715 \"><img loading=\"lazy\" decoding=\"async\" width=\"350\" height=\"250\" src=\"https:\/\/www.olade.org\/wp-content\/themes\/jnews\/assets\/img\/jeg-empty.png\" class=\"attachment-jnews-350x250 size-jnews-350x250 lazyload wp-post-image\" alt=\"\" sizes=\"(max-width: 350px) 100vw, 350px\" data-src=\"https:\/\/www.olade.org\/wp-content\/uploads\/2025\/10\/miniatura-ing.jpeg\" data-srcset=\"https:\/\/www.olade.org\/wp-content\/uploads\/2025\/10\/miniatura-ing.jpeg 350w, https:\/\/www.olade.org\/wp-content\/uploads\/2025\/10\/miniatura-ing-260x186.jpeg 260w, https:\/\/www.olade.org\/wp-content\/uploads\/2025\/10\/miniatura-ing-120x86.jpeg 120w\" data-sizes=\"auto\" data-expand=\"700\" \/><\/div><\/a>\n                        <div class=\"jeg_post_category\">\n                            <span><\/span>\n                        <\/div>\n                    <\/div>\n                    <div class=\"jeg_postblock_content\">\n                        <h3 class=\"jeg_post_title\">\n                            <a href=\"https:\/\/www.olade.org\/en\/publicaciones\/energy-transition-readiness-latin-america-and-the-caribbean\/\">Energy Transition Readiness: Latin America and the Caribbean<\/a>\n                        <\/h3>\n                        \n                    <\/div>\n                <\/article><article class=\"jeg_post jeg_pl_md_5 format-standard\">\n                    <div class=\"jeg_thumb\">\n                        \n                        <a href=\"https:\/\/www.olade.org\/en\/publicaciones\/white-paper-on-energy-storage-in-lantin-america-and-caribbean\/\"><div class=\"thumbnail-container animate-lazy  size-715 \"><img loading=\"lazy\" decoding=\"async\" width=\"350\" height=\"250\" src=\"https:\/\/www.olade.org\/wp-content\/themes\/jnews\/assets\/img\/jeg-empty.png\" class=\"attachment-jnews-350x250 size-jnews-350x250 lazyload wp-post-image\" alt=\"\" sizes=\"(max-width: 350px) 100vw, 350px\" data-src=\"https:\/\/www.olade.org\/wp-content\/uploads\/2025\/10\/Libro-Blanco-Almacenamiento_2025_350x250_Eng.jpg\" data-srcset=\"https:\/\/www.olade.org\/wp-content\/uploads\/2025\/10\/Libro-Blanco-Almacenamiento_2025_350x250_Eng.jpg 350w, https:\/\/www.olade.org\/wp-content\/uploads\/2025\/10\/Libro-Blanco-Almacenamiento_2025_350x250_Eng-260x186.jpg 260w, https:\/\/www.olade.org\/wp-content\/uploads\/2025\/10\/Libro-Blanco-Almacenamiento_2025_350x250_Eng-120x86.jpg 120w\" data-sizes=\"auto\" data-expand=\"700\" \/><\/div><\/a>\n                        <div class=\"jeg_post_category\">\n                            <span><\/span>\n                        <\/div>\n                    <\/div>\n                    <div class=\"jeg_postblock_content\">\n                        <h3 class=\"jeg_post_title\">\n                            <a href=\"https:\/\/www.olade.org\/en\/publicaciones\/white-paper-on-energy-storage-in-lantin-america-and-caribbean\/\">White Paper on Energy Storage in Latin America and Caribbean 2025<\/a>\n                        <\/h3>\n                        \n                    <\/div>\n                <\/article><article class=\"jeg_post jeg_pl_md_5 format-standard\">\n                    <div class=\"jeg_thumb\">\n                        \n                        <a href=\"https:\/\/www.olade.org\/en\/publicaciones\/white-paper-on-sustainable-mobility-in-latin-america-and-caribbean-2025\/\"><div class=\"thumbnail-container animate-lazy  size-715 \"><img loading=\"lazy\" decoding=\"async\" width=\"350\" height=\"250\" src=\"https:\/\/www.olade.org\/wp-content\/themes\/jnews\/assets\/img\/jeg-empty.png\" class=\"attachment-jnews-350x250 size-jnews-350x250 lazyload wp-post-image\" alt=\"White Paper on Sustainable Mobility in Latin America and Caribbean 2025\" sizes=\"(max-width: 350px) 100vw, 350px\" data-src=\"https:\/\/www.olade.org\/wp-content\/uploads\/2025\/09\/Libro-Blanco-Movilidad_2025_350x250_Eng.jpg\" data-srcset=\"https:\/\/www.olade.org\/wp-content\/uploads\/2025\/09\/Libro-Blanco-Movilidad_2025_350x250_Eng.jpg 350w, https:\/\/www.olade.org\/wp-content\/uploads\/2025\/09\/Libro-Blanco-Movilidad_2025_350x250_Eng-260x186.jpg 260w, https:\/\/www.olade.org\/wp-content\/uploads\/2025\/09\/Libro-Blanco-Movilidad_2025_350x250_Eng-120x86.jpg 120w\" data-sizes=\"auto\" data-expand=\"700\" \/><\/div><\/a>\n                        <div class=\"jeg_post_category\">\n                            <span><\/span>\n                        <\/div>\n                    <\/div>\n                    <div class=\"jeg_postblock_content\">\n                        <h3 class=\"jeg_post_title\">\n                            <a href=\"https:\/\/www.olade.org\/en\/publicaciones\/white-paper-on-sustainable-mobility-in-latin-america-and-caribbean-2025\/\">White Paper on Sustainable Mobility in Latin America and Caribbean 2025<\/a>\n                        <\/h3>\n                        \n                    <\/div>\n                <\/article><article class=\"jeg_post jeg_pl_md_5 format-standard\">\n                    <div class=\"jeg_thumb\">\n                        \n                        <a href=\"https:\/\/www.olade.org\/en\/publicaciones\/latin-america-and-the-caribbean-towards-cop30-a-decade-of-energy-transformation-and-new-challenges-for-the-region\/\"><div class=\"thumbnail-container animate-lazy  size-715 \"><img loading=\"lazy\" decoding=\"async\" width=\"350\" height=\"250\" src=\"https:\/\/www.olade.org\/wp-content\/themes\/jnews\/assets\/img\/jeg-empty.png\" class=\"attachment-jnews-350x250 size-jnews-350x250 lazyload wp-post-image\" alt=\"Latin America and the Caribbean towards COP30 &#8211; A Decade of Energy Transformation and New Challenges for the Region\" sizes=\"(max-width: 350px) 100vw, 350px\" data-src=\"https:\/\/www.olade.org\/wp-content\/uploads\/2025\/09\/COP_2025_350x250_Eng.jpg\" data-srcset=\"https:\/\/www.olade.org\/wp-content\/uploads\/2025\/09\/COP_2025_350x250_Eng.jpg 350w, https:\/\/www.olade.org\/wp-content\/uploads\/2025\/09\/COP_2025_350x250_Eng-260x186.jpg 260w, https:\/\/www.olade.org\/wp-content\/uploads\/2025\/09\/COP_2025_350x250_Eng-120x86.jpg 120w\" data-sizes=\"auto\" data-expand=\"700\" \/><\/div><\/a>\n                        <div class=\"jeg_post_category\">\n                            <span><\/span>\n                        <\/div>\n                    <\/div>\n                    <div class=\"jeg_postblock_content\">\n                        <h3 class=\"jeg_post_title\">\n                            <a href=\"https:\/\/www.olade.org\/en\/publicaciones\/latin-america-and-the-caribbean-towards-cop30-a-decade-of-energy-transformation-and-new-challenges-for-the-region\/\">Latin America and the Caribbean towards COP30 &#8211; A Decade of Energy Transformation and New Challenges for the Region<\/a>\n                        <\/h3>\n                        \n                    <\/div>\n                <\/article><article class=\"jeg_post jeg_pl_md_5 format-standard\">\n                    <div class=\"jeg_thumb\">\n                        \n                        <a href=\"https:\/\/www.olade.org\/en\/publicaciones\/regional-energy-outlook-for-the-caribbean-countries\/\"><div class=\"thumbnail-container animate-lazy  size-715 \"><img loading=\"lazy\" decoding=\"async\" width=\"350\" height=\"250\" src=\"https:\/\/www.olade.org\/wp-content\/themes\/jnews\/assets\/img\/jeg-empty.png\" class=\"attachment-jnews-350x250 size-jnews-350x250 lazyload wp-post-image\" alt=\"Regional Energy Outlook for the Caribbean Countries\" sizes=\"(max-width: 350px) 100vw, 350px\" data-src=\"https:\/\/www.olade.org\/wp-content\/uploads\/2025\/09\/Energy_OUTLOOK_2025_350x250_Eng.jpg\" data-srcset=\"https:\/\/www.olade.org\/wp-content\/uploads\/2025\/09\/Energy_OUTLOOK_2025_350x250_Eng.jpg 350w, https:\/\/www.olade.org\/wp-content\/uploads\/2025\/09\/Energy_OUTLOOK_2025_350x250_Eng-260x186.jpg 260w, https:\/\/www.olade.org\/wp-content\/uploads\/2025\/09\/Energy_OUTLOOK_2025_350x250_Eng-120x86.jpg 120w\" data-sizes=\"auto\" data-expand=\"700\" \/><\/div><\/a>\n                        <div class=\"jeg_post_category\">\n                            <span><\/span>\n                        <\/div>\n                    <\/div>\n                    <div class=\"jeg_postblock_content\">\n                        <h3 class=\"jeg_post_title\">\n                            <a href=\"https:\/\/www.olade.org\/en\/publicaciones\/regional-energy-outlook-for-the-caribbean-countries\/\">Regional Energy Outlook for the Caribbean Countries<\/a>\n                        <\/h3>\n                        \n                    <\/div>\n                <\/article><article class=\"jeg_post jeg_pl_md_5 format-standard\">\n                    <div class=\"jeg_thumb\">\n                        \n                        <a href=\"https:\/\/www.olade.org\/en\/publicaciones\/navigating-the-energy-transition-in-the-caribbean\/\"><div class=\"thumbnail-container animate-lazy  size-715 \"><img loading=\"lazy\" decoding=\"async\" width=\"350\" height=\"250\" src=\"https:\/\/www.olade.org\/wp-content\/themes\/jnews\/assets\/img\/jeg-empty.png\" class=\"attachment-jnews-350x250 size-jnews-350x250 lazyload wp-post-image\" alt=\"Navigating the Energy Transition in the Caribbean\" sizes=\"(max-width: 350px) 100vw, 350px\" data-src=\"https:\/\/www.olade.org\/wp-content\/uploads\/2025\/09\/Navegando_350x250_Eng.jpg\" data-srcset=\"https:\/\/www.olade.org\/wp-content\/uploads\/2025\/09\/Navegando_350x250_Eng.jpg 350w, https:\/\/www.olade.org\/wp-content\/uploads\/2025\/09\/Navegando_350x250_Eng-260x186.jpg 260w, https:\/\/www.olade.org\/wp-content\/uploads\/2025\/09\/Navegando_350x250_Eng-120x86.jpg 120w\" data-sizes=\"auto\" data-expand=\"700\" \/><\/div><\/a>\n                        <div class=\"jeg_post_category\">\n                            <span><\/span>\n                        <\/div>\n                    <\/div>\n                    <div class=\"jeg_postblock_content\">\n                        <h3 class=\"jeg_post_title\">\n                            <a href=\"https:\/\/www.olade.org\/en\/publicaciones\/navigating-the-energy-transition-in-the-caribbean\/\">Navigating the Energy Transition in the Caribbean<\/a>\n                        <\/h3>\n                        \n                    <\/div>\n                <\/article><article class=\"jeg_post jeg_pl_md_5 format-standard\">\n                    <div class=\"jeg_thumb\">\n                        \n                        <a href=\"https:\/\/www.olade.org\/en\/publicaciones\/european-union-latin-america-energy-agenda\/\"><div class=\"thumbnail-container animate-lazy  size-715 \"><img loading=\"lazy\" decoding=\"async\" width=\"350\" height=\"250\" src=\"https:\/\/www.olade.org\/wp-content\/themes\/jnews\/assets\/img\/jeg-empty.png\" class=\"attachment-jnews-350x250 size-jnews-350x250 lazyload wp-post-image\" alt=\"European Union \u2013 Latin America Energy Agenda\" sizes=\"(max-width: 350px) 100vw, 350px\" data-src=\"https:\/\/www.olade.org\/wp-content\/uploads\/2025\/05\/Agenda-Energia-UE_350x250_Eng.jpg\" data-srcset=\"https:\/\/www.olade.org\/wp-content\/uploads\/2025\/05\/Agenda-Energia-UE_350x250_Eng.jpg 350w, https:\/\/www.olade.org\/wp-content\/uploads\/2025\/05\/Agenda-Energia-UE_350x250_Eng-260x186.jpg 260w, https:\/\/www.olade.org\/wp-content\/uploads\/2025\/05\/Agenda-Energia-UE_350x250_Eng-120x86.jpg 120w\" data-sizes=\"auto\" data-expand=\"700\" \/><\/div><\/a>\n                        <div class=\"jeg_post_category\">\n                            <span><\/span>\n                        <\/div>\n                    <\/div>\n                    <div class=\"jeg_postblock_content\">\n                        <h3 class=\"jeg_post_title\">\n                            <a href=\"https:\/\/www.olade.org\/en\/publicaciones\/european-union-latin-america-energy-agenda\/\">European Union \u2013 Latin America Energy Agenda<\/a>\n                        <\/h3>\n                        \n                    <\/div>\n                <\/article><article class=\"jeg_post jeg_pl_md_5 format-standard\">\n                    <div class=\"jeg_thumb\">\n                        \n                        <a href=\"https:\/\/www.olade.org\/en\/publicaciones\/energy-trade-between-latin-america-caribbean-and-the-united-states-effects-of-u-s-tariff-increases\/\"><div class=\"thumbnail-container animate-lazy  size-715 \"><img loading=\"lazy\" decoding=\"async\" width=\"350\" height=\"250\" src=\"https:\/\/www.olade.org\/wp-content\/themes\/jnews\/assets\/img\/jeg-empty.png\" class=\"attachment-jnews-350x250 size-jnews-350x250 lazyload wp-post-image\" alt=\"Energy Trade Between Latin America \u2013 Caribbean and the United States \u2013 Effects of U.S. Tariff Increases\" sizes=\"(max-width: 350px) 100vw, 350px\" data-src=\"https:\/\/www.olade.org\/wp-content\/uploads\/2025\/04\/DOC_TRA_Comercio-EEUU-350x250-1.jpg\" data-srcset=\"https:\/\/www.olade.org\/wp-content\/uploads\/2025\/04\/DOC_TRA_Comercio-EEUU-350x250-1.jpg 350w, https:\/\/www.olade.org\/wp-content\/uploads\/2025\/04\/DOC_TRA_Comercio-EEUU-350x250-1-260x186.jpg 260w, https:\/\/www.olade.org\/wp-content\/uploads\/2025\/04\/DOC_TRA_Comercio-EEUU-350x250-1-120x86.jpg 120w\" data-sizes=\"auto\" data-expand=\"700\" \/><\/div><\/a>\n                        <div class=\"jeg_post_category\">\n                            <span><\/span>\n                        <\/div>\n                    <\/div>\n                    <div class=\"jeg_postblock_content\">\n                        <h3 class=\"jeg_post_title\">\n                            <a href=\"https:\/\/www.olade.org\/en\/publicaciones\/energy-trade-between-latin-america-caribbean-and-the-united-states-effects-of-u-s-tariff-increases\/\">Energy Trade Between Latin America \u2013 Caribbean and the United States \u2013 Effects of U.S. Tariff Increases<\/a>\n                        <\/h3>\n                        \n                    <\/div>\n                <\/article>\n                    <\/div>\n                <\/div>\n                    <div class='module-overlay'>\n\t\t\t\t    <div class='preloader_type preloader_dot'>\n\t\t\t\t        <div class=\"module-preloader jeg_preloader dot\">\n\t\t\t\t            <span><\/span><span><\/span><span><\/span>\n\t\t\t\t        <\/div>\n\t\t\t\t        <div class=\"module-preloader jeg_preloader circle\">\n\t\t\t\t            <div class=\"jnews_preloader_circle_outer\">\n\t\t\t\t                <div class=\"jnews_preloader_circle_inner\"><\/div>\n\t\t\t\t            <\/div>\n\t\t\t\t        <\/div>\n\t\t\t\t        <div class=\"module-preloader jeg_preloader square\">\n\t\t\t\t            <div class=\"jeg_square\">\n\t\t\t\t                <div class=\"jeg_square_inner\"><\/div>\n\t\t\t\t            <\/div>\n\t\t\t\t        <\/div>\n\t\t\t\t    <\/div>\n\t\t\t\t<\/div>\n                <\/div>\n                <div class=\"jeg_block_navigation\">\n                    <div class='navigation_overlay'><div class='module-preloader jeg_preloader'><span><\/span><span><\/span><span><\/span><\/div><\/div>\n                    <div class=\"jeg_block_loadmore \">\n                    <a href=\"#\" class='' data-load='Load More' data-loading='Loading...'> Load More<\/a>\n                <\/div>\n                    \n                <\/div>\n\t\t\t\t\t\n\t\t\t\t\t<script>var jnews_module__0_69f49a9118ba7 = {\"header_icon\":\"fas fa-book-open\",\"first_title\":\"Latest Publications\",\"second_title\":\"\",\"url\":\"\",\"header_type\":\"heading_1\",\"header_background\":\"\",\"header_secondary_background\":\"\",\"header_text_color\":\"\",\"header_line_color\":\"\",\"header_accent_color\":\"\",\"header_filter_category\":\"\",\"header_filter_author\":\"\",\"header_filter_tag\":\"\",\"header_filter_text\":\"\",\"sticky_post\":false,\"post_type\":\"publicaciones\",\"content_type\":\"all\",\"sponsor\":false,\"number_post\":\"12\",\"post_offset\":\"0\",\"unique_content\":\"disable\",\"include_post\":\"\",\"included_only\":false,\"exclude_post\":\"\",\"include_category\":\"\",\"exclude_category\":\"\",\"include_author\":\"\",\"include_tag\":\"\",\"exclude_tag\":\"\",\"category\":\"118\",\"post_tag\":\"\",\"sort_by\":\"latest\",\"date_format\":\"default\",\"date_format_custom\":\"Y\\\/m\\\/d\",\"force_normal_image_load\":\"\",\"pagination_mode\":\"scrollload\",\"pagination_nextprev_showtext\":\"\",\"pagination_number_post\":\"4\",\"pagination_scroll_limit\":\"0\",\"boxed\":\"true\",\"boxed_shadow\":\"true\",\"el_id\":\"\",\"el_class\":\"\",\"scheme\":\"\",\"column_width\":\"auto\",\"title_color\":\"\",\"accent_color\":\"\",\"alt_color\":\"\",\"excerpt_color\":\"\",\"css\":\"\",\"compatible_column_notice\":\"\",\"tipo_de_publicacion\":\"104\",\"paged\":1,\"column_class\":\"jeg_col_3o3\",\"class\":\"jnews_block_22\"};<\/script>\n\t\t\t\t<\/div>[\/vc_column][\/vc_row]<\/p>\n<\/div>","protected":false},"excerpt":{"rendered":"<p>[vc_row][vc_column][\/vc_column][\/vc_row]<\/p>\n","protected":false},"author":1,"featured_media":0,"parent":0,"menu_order":0,"comment_status":"closed","ping_status":"closed","template":"","meta":{"_acf_changed":false,"footnotes":""},"class_list":["post-12572","page","type-page","status-publish","hentry"],"acf":[],"yoast_head":"<!-- This site is optimized with the Yoast SEO Premium plugin v23.0 (Yoast SEO v23.1) - https:\/\/yoast.com\/wordpress\/plugins\/seo\/ -->\n<title>Institutional Publications of OLACDE - OLACDE<\/title>\n<meta name=\"robots\" content=\"index, follow, max-snippet:-1, max-image-preview:large, max-video-preview:-1\" \/>\n<link rel=\"canonical\" href=\"https:\/\/www.olade.org\/en\/institutional-publications-of-OLACDE\/\" \/>\n<meta property=\"og:locale\" content=\"en_US\" \/>\n<meta property=\"og:type\" content=\"article\" \/>\n<meta property=\"og:title\" content=\"Institutional Publications of OLACDE\" \/>\n<meta property=\"og:description\" content=\"[vc_row][vc_column][\/vc_column][\/vc_row]\" \/>\n<meta property=\"og:url\" content=\"https:\/\/www.olade.org\/en\/institutional-publications-of-OLACDE\/\" \/>\n<meta property=\"og:site_name\" content=\"OLACDE\" \/>\n<meta property=\"article:publisher\" content=\"https:\/\/www.facebook.com\/OLADEORG\" \/>\n<meta property=\"article:modified_time\" content=\"2020-06-23T03:41:59+00:00\" \/>\n<meta name=\"twitter:card\" content=\"summary_large_image\" \/>\n<meta name=\"twitter:site\" content=\"@OLADEORG\" \/>\n<script type=\"application\/ld+json\" class=\"yoast-schema-graph\">{\"@context\":\"https:\/\/schema.org\",\"@graph\":[{\"@type\":\"WebPage\",\"@id\":\"https:\/\/www.olade.org\/en\/institutional-publications-of-OLACDE\/\",\"url\":\"https:\/\/www.olade.org\/en\/institutional-publications-of-OLACDE\/\",\"name\":\"Institutional Publications of OLACDE - OLACDE\",\"isPartOf\":{\"@id\":\"https:\/\/www.olade.org\/en\/#website\"},\"datePublished\":\"2020-06-01T18:49:40+00:00\",\"dateModified\":\"2020-06-23T03:41:59+00:00\",\"breadcrumb\":{\"@id\":\"https:\/\/www.olade.org\/en\/institutional-publications-of-OLACDE\/#breadcrumb\"},\"inLanguage\":\"en-US\",\"potentialAction\":[{\"@type\":\"ReadAction\",\"target\":[\"https:\/\/www.olade.org\/en\/institutional-publications-of-OLACDE\/\"]}]},{\"@type\":\"BreadcrumbList\",\"@id\":\"https:\/\/www.olade.org\/en\/institutional-publications-of-OLACDE\/#breadcrumb\",\"itemListElement\":[{\"@type\":\"ListItem\",\"position\":1,\"name\":\"Home\",\"item\":\"https:\/\/www.olade.org\/en\/\"},{\"@type\":\"ListItem\",\"position\":2,\"name\":\"Institutional Publications of Olade\"}]},{\"@type\":\"WebSite\",\"@id\":\"https:\/\/www.olade.org\/en\/#website\",\"url\":\"https:\/\/www.olade.org\/en\/\",\"name\":\"OLADE\",\"description\":\"La Organizaci\u00f3n Latinoamericana y Caribe\u00f1a de Energ\u00eda\",\"publisher\":{\"@id\":\"https:\/\/www.olade.org\/en\/#organization\"},\"potentialAction\":[{\"@type\":\"SearchAction\",\"target\":{\"@type\":\"EntryPoint\",\"urlTemplate\":\"https:\/\/www.olade.org\/en\/?s={search_term_string}\"},\"query-input\":\"required name=search_term_string\"}],\"inLanguage\":\"en-US\"},{\"@type\":\"Organization\",\"@id\":\"https:\/\/www.olade.org\/en\/#organization\",\"name\":\"OLADE\",\"url\":\"https:\/\/www.olade.org\/en\/\",\"logo\":{\"@type\":\"ImageObject\",\"inLanguage\":\"en-US\",\"@id\":\"https:\/\/www.olade.org\/en\/#\/schema\/logo\/image\/\",\"url\":\"https:\/\/www.olade.org\/wp-content\/uploads\/2024\/03\/Logo-OLADE-WEB_Color.png\",\"contentUrl\":\"https:\/\/www.olade.org\/wp-content\/uploads\/2024\/03\/Logo-OLADE-WEB_Color.png\",\"width\":300,\"height\":132,\"caption\":\"OLADE\"},\"image\":{\"@id\":\"https:\/\/www.olade.org\/en\/#\/schema\/logo\/image\/\"},\"sameAs\":[\"https:\/\/www.facebook.com\/OLADEORG\",\"https:\/\/x.com\/OLADEORG\",\"https:\/\/www.youtube.com\/user\/oladeorg\",\"https:\/\/www.instagram.com\/oladealc\/\",\"https:\/\/www.linkedin.com\/company\/olade\/\"],\"description\":\"La Organizaci\u00f3n Latinoamericana de Energ\u00eda (OLADE) es un organismo de cooperaci\u00f3n, coordinaci\u00f3n y asesor\u00eda t\u00e9cnica, de car\u00e1cter p\u00fablico intergubernamental, constituido el 2 de noviembre de 1973 mediante la suscripci\u00f3n del Convenio de Lima, ratificado por 27 pa\u00edses de Am\u00e9rica Latina y El Caribe, con el objetivo fundamental de fomentar la integraci\u00f3n, conservaci\u00f3n, racional aprovechamiento, comercializaci\u00f3n y defensa de los recursos energ\u00e9ticos de la Regi\u00f3n.\",\"email\":\"info@olade.org\",\"telephone\":\"+59322598122\",\"legalName\":\"Organizaci\u00f3n Latinoamericana de Energ\u00eda\",\"foundingDate\":\"1973-11-02\",\"numberOfEmployees\":{\"@type\":\"QuantitativeValue\",\"minValue\":\"51\",\"maxValue\":\"200\"}}]}<\/script>\n<!-- \/ Yoast SEO Premium plugin. -->","yoast_head_json":{"title":"Institutional Publications of OLACDE - OLACDE","robots":{"index":"index","follow":"follow","max-snippet":"max-snippet:-1","max-image-preview":"max-image-preview:large","max-video-preview":"max-video-preview:-1"},"canonical":"https:\/\/www.olade.org\/en\/institutional-publications-of-OLACDE\/","og_locale":"en_US","og_type":"article","og_title":"Institutional Publications of OLACDE","og_description":"[vc_row][vc_column][\/vc_column][\/vc_row]","og_url":"https:\/\/www.olade.org\/en\/institutional-publications-of-OLACDE\/","og_site_name":"OLACDE","article_publisher":"https:\/\/www.facebook.com\/OLADEORG","article_modified_time":"2020-06-23T03:41:59+00:00","twitter_card":"summary_large_image","twitter_site":"@OLADEORG","schema":{"@context":"https:\/\/schema.org","@graph":[{"@type":"WebPage","@id":"https:\/\/www.olade.org\/en\/institutional-publications-of-OLACDE\/","url":"https:\/\/www.olade.org\/en\/institutional-publications-of-OLACDE\/","name":"Institutional Publications of OLACDE - OLACDE","isPartOf":{"@id":"https:\/\/www.olade.org\/en\/#website"},"datePublished":"2020-06-01T18:49:40+00:00","dateModified":"2020-06-23T03:41:59+00:00","breadcrumb":{"@id":"https:\/\/www.olade.org\/en\/institutional-publications-of-OLACDE\/#breadcrumb"},"inLanguage":"en-US","potentialAction":[{"@type":"ReadAction","target":["https:\/\/www.olade.org\/en\/institutional-publications-of-OLACDE\/"]}]},{"@type":"BreadcrumbList","@id":"https:\/\/www.olade.org\/en\/institutional-publications-of-OLACDE\/#breadcrumb","itemListElement":[{"@type":"ListItem","position":1,"name":"Home","item":"https:\/\/www.olade.org\/en\/"},{"@type":"ListItem","position":2,"name":"Institutional Publications of Olade"}]},{"@type":"WebSite","@id":"https:\/\/www.olade.org\/en\/#website","url":"https:\/\/www.olade.org\/en\/","name":"OLADE","description":"La Organizaci\u00f3n Latinoamericana y Caribe\u00f1a de Energ\u00eda","publisher":{"@id":"https:\/\/www.olade.org\/en\/#organization"},"potentialAction":[{"@type":"SearchAction","target":{"@type":"EntryPoint","urlTemplate":"https:\/\/www.olade.org\/en\/?s={search_term_string}"},"query-input":"required name=search_term_string"}],"inLanguage":"en-US"},{"@type":"Organization","@id":"https:\/\/www.olade.org\/en\/#organization","name":"OLADE","url":"https:\/\/www.olade.org\/en\/","logo":{"@type":"ImageObject","inLanguage":"en-US","@id":"https:\/\/www.olade.org\/en\/#\/schema\/logo\/image\/","url":"https:\/\/www.olade.org\/wp-content\/uploads\/2024\/03\/Logo-OLADE-WEB_Color.png","contentUrl":"https:\/\/www.olade.org\/wp-content\/uploads\/2024\/03\/Logo-OLADE-WEB_Color.png","width":300,"height":132,"caption":"OLADE"},"image":{"@id":"https:\/\/www.olade.org\/en\/#\/schema\/logo\/image\/"},"sameAs":["https:\/\/www.facebook.com\/OLADEORG","https:\/\/x.com\/OLADEORG","https:\/\/www.youtube.com\/user\/oladeorg","https:\/\/www.instagram.com\/oladealc\/","https:\/\/www.linkedin.com\/company\/olade\/"],"description":"La Organizaci\u00f3n Latinoamericana de Energ\u00eda (OLADE) es un organismo de cooperaci\u00f3n, coordinaci\u00f3n y asesor\u00eda t\u00e9cnica, de car\u00e1cter p\u00fablico intergubernamental, constituido el 2 de noviembre de 1973 mediante la suscripci\u00f3n del Convenio de Lima, ratificado por 27 pa\u00edses de Am\u00e9rica Latina y El Caribe, con el objetivo fundamental de fomentar la integraci\u00f3n, conservaci\u00f3n, racional aprovechamiento, comercializaci\u00f3n y defensa de los recursos energ\u00e9ticos de la Regi\u00f3n.","email":"info@olade.org","telephone":"+59322598122","legalName":"Organizaci\u00f3n Latinoamericana de Energ\u00eda","foundingDate":"1973-11-02","numberOfEmployees":{"@type":"QuantitativeValue","minValue":"51","maxValue":"200"}}]}},"_links":{"self":[{"href":"https:\/\/www.olade.org\/en\/wp-json\/wp\/v2\/pages\/12572"}],"collection":[{"href":"https:\/\/www.olade.org\/en\/wp-json\/wp\/v2\/pages"}],"about":[{"href":"https:\/\/www.olade.org\/en\/wp-json\/wp\/v2\/types\/page"}],"author":[{"embeddable":true,"href":"https:\/\/www.olade.org\/en\/wp-json\/wp\/v2\/users\/1"}],"replies":[{"embeddable":true,"href":"https:\/\/www.olade.org\/en\/wp-json\/wp\/v2\/comments?post=12572"}],"version-history":[{"count":2,"href":"https:\/\/www.olade.org\/en\/wp-json\/wp\/v2\/pages\/12572\/revisions"}],"predecessor-version":[{"id":12645,"href":"https:\/\/www.olade.org\/en\/wp-json\/wp\/v2\/pages\/12572\/revisions\/12645"}],"wp:attachment":[{"href":"https:\/\/www.olade.org\/en\/wp-json\/wp\/v2\/media?parent=12572"}],"curies":[{"name":"wp","href":"https:\/\/api.w.org\/{rel}","templated":true}]}}